{"id":201320,"date":"2023-04-10T12:46:58","date_gmt":"2023-04-10T10:46:58","guid":{"rendered":"https:\/\/marktxxl.de\/markt\/produkt\/bluey-rucksack-kinder-kita-kindergartenrucksack-maedchen-jungs-backpack-mit-kinderleine-laufleine-blau\/"},"modified":"2023-04-10T12:46:58","modified_gmt":"2023-04-10T10:46:58","slug":"bluey-rucksack-kinder-kita-kindergartenrucksack-maedchen-jungs-backpack-mit-kinderleine-laufleine-blau","status":"publish","type":"product","link":"https:\/\/marktxxl.de\/markt\/produkt\/bluey-rucksack-kinder-kita-kindergartenrucksack-maedchen-jungs-backpack-mit-kinderleine-laufleine-blau\/","title":{"rendered":"Bluey Rucksack Kinder, Kita Kindergartenrucksack M\u00e4dchen Jungs Backpack mit Kinderleine Laufleine (Blau)"},"content":{"rendered":"<p>BLUEY RUCKSACK KLEINKIND: Dieser niedliche Kindergarten und Kita Rucksack mit Kinder Sicherheitsleine und abstehenden 3D Ohren wird Ihren Liebsten eine Freude bereiten. Unser kleiner Jungs und M\u00e4dchen Rucksack mit abnehmbarer Kinder Laufleine ist geeignet f\u00fcr Kinder ab 1 Jahr<br \/>\nBLUEY RUCKSACK KLEINKIND: Dieser niedliche Kindergarten und Kita Rucksack mit Kinder Sicherheitsleine und abstehenden 3D Ohren wird Ihren Liebsten eine Freude bereiten. Unser kleiner Jungs und M\u00e4dchen Rucksack mit abnehmbarer Kinder Laufleine ist geeignet f\u00fcr Kinder ab 1 Jahr<br \/>\nEIGENSCHAFTEN: Unsere Kinderrucksack M\u00e4dchen und Jungs Backpacks sind gepolstert am R\u00fccken und an den Schultergurten, und verf\u00fcgen \u00fcber ein Hauptfach, verstellbare Schultergurte mit Brustgurt, einen Tragegriff, ein Namensschild auf der Innenseite und eine abnehmbare Kinder Leine. Die Ma\u00dfe der Rucksack Tasche sind 24 cm x 20 cm x 7 cm<br \/>\nKOMFORTABEL &amp; SICHER: Dank der Kinder Rucksack Leine m\u00fcssen Sie sich keine Sorgen machen, dass Ihre Liebsten verloren gehen. Sicherheitsleinen f\u00fcr Kinder verhindern ein pl\u00f6tzliches Davonlaufen und sind vor allem an belebten Orten praktisch<br \/>\nABNEHMBARE SICHERHEITSLEINE F\u00dcR KINDER: Unsere Rucksack Kindergarten und Kita Tasche mit Leine bietet eine gute M\u00f6glichkeit Kleinkinder dabei zu unterst\u00fctzen ihre eigene Tasche zu tragen. Mit zunehmender Unabh\u00e4ngigkeit Ihres Kindes k\u00f6nnen Sie die Kinder Leine einfach abnehmen<br \/>\nOFFIZIELLES BLUEY MERCH: Der Baby Rucksack ist ein lizenzierter Bluey Fanartikel. Der Kita und Kindergarten Rucksack f\u00fcr M\u00e4dchen und Jungs zeigt ein niedliches Bluey Motiv mit abstehenden 3D Ohren<br \/>\n<div class=\"main-cross-sell\" data-asin=\"B09Z6LR7NN\">\n\n\t<div class=\"WooZone-cross-sell-loader\">\n\t\t<div>\n\t\t\t<div id=\"floatingBarsG\">\n\t\t\t\t<div class=\"blockG\" id=\"rotateG_01\"><\/div>\n\t\t\t\t<div class=\"blockG\" id=\"rotateG_02\"><\/div>\n\t\t\t\t<div class=\"blockG\" id=\"rotateG_03\"><\/div>\n\t\t\t\t<div class=\"blockG\" id=\"rotateG_04\"><\/div>\n\t\t\t\t<div class=\"blockG\" id=\"rotateG_05\"><\/div>\n\t\t\t\t<div class=\"blockG\" id=\"rotateG_06\"><\/div>\n\t\t\t\t<div class=\"blockG\" id=\"rotateG_07\"><\/div>\n\t\t\t\t<div class=\"blockG\" id=\"rotateG_08\"><\/div>\n\t\t\t<\/div>\n\t\t\t<div class=\"WooZone-cross-sell-loader-text\"><\/div>\n\t\t<\/div>\n\t<\/div>\n\n\t\t\n<\/div>\n<div style=\"clear:both;\"><\/div><\/p>\n","protected":false},"excerpt":{"rendered":"<p>BLUEY RUCKSACK KLEINKIND: Dieser niedliche Kindergarten und Kita Rucksack mit Kinder Sicherheitsleine und abstehenden 3D Ohren wird Ihren Liebsten eine Freude bereiten. Unser kleiner Jungs und M\u00e4dchen Rucksack mit abnehmbarer Kinder Laufleine ist geeignet f\u00fcr Kinder ab 1 Jahr<br \/>\nBLUEY RUCKSACK KLEINKIND: Dieser niedliche Kindergarten und Kita Rucksack mit Kinder Sicherheitsleine und abstehenden 3D Ohren wird Ihren Liebsten eine Freude bereiten. Unser kleiner Jungs und M\u00e4dchen Rucksack mit abnehmbarer Kinder Laufleine ist geeignet f\u00fcr Kinder ab 1 Jahr<br \/>\nEIGENSCHAFTEN: Unsere Kinderrucksack M\u00e4dchen und Jungs Backpacks sind gepolstert am R\u00fccken und an den Schultergurten, und verf\u00fcgen \u00fcber ein Hauptfach, verstellbare Schultergurte mit Brustgurt, einen Tragegriff, ein Namensschild auf der Innenseite und eine abnehmbare Kinder Leine. Die Ma\u00dfe der Rucksack Tasche sind 24 cm x 20 cm x 7 cm<\/p>\n","protected":false},"featured_media":201321,"comment_status":"open","ping_status":"closed","template":"","meta":[],"product_brand":[],"product_cat":[21,9378],"product_tag":[],"class_list":{"0":"post-201320","1":"product","2":"type-product","3":"status-publish","4":"has-post-thumbnail","6":"product_cat-baby","7":"product_cat-sicherheit-baby","8":"pa_brand-bluey","9":"pa_color-blau","10":"pa_height-11-81102361-zoll","11":"pa_length-8-661417314-zoll","12":"pa_weight-0-3747858454-pfund","13":"pa_width-6-299212592-zoll","15":"first","16":"instock","17":"shipping-taxable","18":"purchasable","19":"product-type-simple","20":"customify-col","21":"product-has-gallery"},"yoast_head":"<!-- This site is optimized with the Yoast SEO plugin v27.4 - https:\/\/yoast.com\/product\/yoast-seo-wordpress\/ -->\n<title>Bluey Rucksack Kinder, Kita Kindergartenrucksack M\u00e4dchen Jungs Backpack mit Kinderleine Laufleine (Blau) - Markt-XXL<\/title>\n<meta name=\"description\" content=\"Markt-XXL Bluey Rucksack Kinder, Kita Kindergartenrucksack M\u00e4dchen Jungs Backpack mit Kinderleine Laufleine (Blau)\" \/>\n<meta name=\"robots\" content=\"index, follow, max-snippet:-1, max-image-preview:large, max-video-preview:-1\" \/>\n<link rel=\"canonical\" href=\"https:\/\/marktxxl.de\/markt\/produkt\/bluey-rucksack-kinder-kita-kindergartenrucksack-maedchen-jungs-backpack-mit-kinderleine-laufleine-blau\/\" \/>\n<meta property=\"og:locale\" content=\"de_DE\" \/>\n<meta property=\"og:type\" content=\"article\" \/>\n<meta property=\"og:title\" content=\"Bluey Rucksack Kinder, Kita Kindergartenrucksack M\u00e4dchen Jungs Backpack mit Kinderleine Laufleine (Blau) - Markt-XXL\" \/>\n<meta property=\"og:description\" content=\"Markt-XXL Bluey Rucksack Kinder, Kita Kindergartenrucksack M\u00e4dchen Jungs Backpack mit Kinderleine Laufleine (Blau)\" \/>\n<meta property=\"og:url\" content=\"https:\/\/marktxxl.de\/markt\/produkt\/bluey-rucksack-kinder-kita-kindergartenrucksack-maedchen-jungs-backpack-mit-kinderleine-laufleine-blau\/\" \/>\n<meta property=\"og:site_name\" content=\"Markt-XXL\" \/>\n<meta name=\"twitter:card\" content=\"summary_large_image\" \/>\n<meta name=\"twitter:label1\" content=\"Gesch\u00e4tzte Lesezeit\" \/>\n\t<meta name=\"twitter:data1\" content=\"1\u00a0Minute\" \/>\n<script type=\"application\/ld+json\" class=\"yoast-schema-graph\">{\"@context\":\"https:\\\/\\\/schema.org\",\"@graph\":[{\"@type\":\"WebPage\",\"@id\":\"https:\\\/\\\/marktxxl.de\\\/markt\\\/produkt\\\/bluey-rucksack-kinder-kita-kindergartenrucksack-maedchen-jungs-backpack-mit-kinderleine-laufleine-blau\\\/\",\"url\":\"https:\\\/\\\/marktxxl.de\\\/markt\\\/produkt\\\/bluey-rucksack-kinder-kita-kindergartenrucksack-maedchen-jungs-backpack-mit-kinderleine-laufleine-blau\\\/\",\"name\":\"Bluey Rucksack Kinder, Kita Kindergartenrucksack M\u00e4dchen Jungs Backpack mit Kinderleine Laufleine (Blau) - Markt-XXL\",\"isPartOf\":{\"@id\":\"https:\\\/\\\/marktxxl.de\\\/markt\\\/#website\"},\"primaryImageOfPage\":{\"@id\":\"https:\\\/\\\/marktxxl.de\\\/markt\\\/produkt\\\/bluey-rucksack-kinder-kita-kindergartenrucksack-maedchen-jungs-backpack-mit-kinderleine-laufleine-blau\\\/#primaryimage\"},\"image\":{\"@id\":\"https:\\\/\\\/marktxxl.de\\\/markt\\\/produkt\\\/bluey-rucksack-kinder-kita-kindergartenrucksack-maedchen-jungs-backpack-mit-kinderleine-laufleine-blau\\\/#primaryimage\"},\"thumbnailUrl\":\"https:\\\/\\\/m.media-amazon.com\\\/images\\\/I\\\/41hwptAHrDL._SL500_.jpg\",\"datePublished\":\"2023-04-10T10:46:58+00:00\",\"description\":\"Markt-XXL Bluey Rucksack Kinder, Kita Kindergartenrucksack M\u00e4dchen Jungs Backpack mit Kinderleine Laufleine (Blau)\",\"breadcrumb\":{\"@id\":\"https:\\\/\\\/marktxxl.de\\\/markt\\\/produkt\\\/bluey-rucksack-kinder-kita-kindergartenrucksack-maedchen-jungs-backpack-mit-kinderleine-laufleine-blau\\\/#breadcrumb\"},\"inLanguage\":\"de\",\"potentialAction\":[{\"@type\":\"ReadAction\",\"target\":[\"https:\\\/\\\/marktxxl.de\\\/markt\\\/produkt\\\/bluey-rucksack-kinder-kita-kindergartenrucksack-maedchen-jungs-backpack-mit-kinderleine-laufleine-blau\\\/\"]}]},{\"@type\":\"ImageObject\",\"inLanguage\":\"de\",\"@id\":\"https:\\\/\\\/marktxxl.de\\\/markt\\\/produkt\\\/bluey-rucksack-kinder-kita-kindergartenrucksack-maedchen-jungs-backpack-mit-kinderleine-laufleine-blau\\\/#primaryimage\",\"url\":\"https:\\\/\\\/m.media-amazon.com\\\/images\\\/I\\\/41hwptAHrDL._SL500_.jpg\",\"contentUrl\":\"https:\\\/\\\/m.media-amazon.com\\\/images\\\/I\\\/41hwptAHrDL._SL500_.jpg\",\"width\":500,\"height\":500},{\"@type\":\"BreadcrumbList\",\"@id\":\"https:\\\/\\\/marktxxl.de\\\/markt\\\/produkt\\\/bluey-rucksack-kinder-kita-kindergartenrucksack-maedchen-jungs-backpack-mit-kinderleine-laufleine-blau\\\/#breadcrumb\",\"itemListElement\":[{\"@type\":\"ListItem\",\"position\":1,\"name\":\"Startseite\",\"item\":\"https:\\\/\\\/marktxxl.de\\\/markt\\\/\"},{\"@type\":\"ListItem\",\"position\":2,\"name\":\"Markt\",\"item\":\"https:\\\/\\\/marktxxl.de\\\/markt\\\/\"},{\"@type\":\"ListItem\",\"position\":3,\"name\":\"Bluey Rucksack Kinder, Kita Kindergartenrucksack M\u00e4dchen Jungs Backpack mit Kinderleine Laufleine (Blau)\"}]},{\"@type\":\"WebSite\",\"@id\":\"https:\\\/\\\/marktxxl.de\\\/markt\\\/#website\",\"url\":\"https:\\\/\\\/marktxxl.de\\\/markt\\\/\",\"name\":\"Markt-XXL\",\"description\":\"Ihr Markt Online\",\"publisher\":{\"@id\":\"https:\\\/\\\/marktxxl.de\\\/markt\\\/#organization\"},\"potentialAction\":[{\"@type\":\"SearchAction\",\"target\":{\"@type\":\"EntryPoint\",\"urlTemplate\":\"https:\\\/\\\/marktxxl.de\\\/markt\\\/?s={search_term_string}\"},\"query-input\":{\"@type\":\"PropertyValueSpecification\",\"valueRequired\":true,\"valueName\":\"search_term_string\"}}],\"inLanguage\":\"de\"},{\"@type\":\"Organization\",\"@id\":\"https:\\\/\\\/marktxxl.de\\\/markt\\\/#organization\",\"name\":\"Markt-XXL\",\"url\":\"https:\\\/\\\/marktxxl.de\\\/markt\\\/\",\"logo\":{\"@type\":\"ImageObject\",\"inLanguage\":\"de\",\"@id\":\"https:\\\/\\\/marktxxl.de\\\/markt\\\/#\\\/schema\\\/logo\\\/image\\\/\",\"url\":\"https:\\\/\\\/marktxxl.de\\\/markt\\\/wp-content\\\/uploads\\\/sites\\\/3\\\/2020\\\/12\\\/logo.png\",\"contentUrl\":\"https:\\\/\\\/marktxxl.de\\\/markt\\\/wp-content\\\/uploads\\\/sites\\\/3\\\/2020\\\/12\\\/logo.png\",\"width\":200,\"height\":70,\"caption\":\"Markt-XXL\"},\"image\":{\"@id\":\"https:\\\/\\\/marktxxl.de\\\/markt\\\/#\\\/schema\\\/logo\\\/image\\\/\"}}]}<\/script>\n<!-- \/ Yoast SEO plugin. -->","yoast_head_json":{"title":"Bluey Rucksack Kinder, Kita Kindergartenrucksack M\u00e4dchen Jungs Backpack mit Kinderleine Laufleine (Blau) - Markt-XXL","description":"Markt-XXL Bluey Rucksack Kinder, Kita Kindergartenrucksack M\u00e4dchen Jungs Backpack mit Kinderleine Laufleine (Blau)","robots":{"index":"index","follow":"follow","max-snippet":"max-snippet:-1","max-image-preview":"max-image-preview:large","max-video-preview":"max-video-preview:-1"},"canonical":"https:\/\/marktxxl.de\/markt\/produkt\/bluey-rucksack-kinder-kita-kindergartenrucksack-maedchen-jungs-backpack-mit-kinderleine-laufleine-blau\/","og_locale":"de_DE","og_type":"article","og_title":"Bluey Rucksack Kinder, Kita Kindergartenrucksack M\u00e4dchen Jungs Backpack mit Kinderleine Laufleine (Blau) - Markt-XXL","og_description":"Markt-XXL Bluey Rucksack Kinder, Kita Kindergartenrucksack M\u00e4dchen Jungs Backpack mit Kinderleine Laufleine (Blau)","og_url":"https:\/\/marktxxl.de\/markt\/produkt\/bluey-rucksack-kinder-kita-kindergartenrucksack-maedchen-jungs-backpack-mit-kinderleine-laufleine-blau\/","og_site_name":"Markt-XXL","twitter_card":"summary_large_image","twitter_misc":{"Gesch\u00e4tzte Lesezeit":"1\u00a0Minute"},"schema":{"@context":"https:\/\/schema.org","@graph":[{"@type":"WebPage","@id":"https:\/\/marktxxl.de\/markt\/produkt\/bluey-rucksack-kinder-kita-kindergartenrucksack-maedchen-jungs-backpack-mit-kinderleine-laufleine-blau\/","url":"https:\/\/marktxxl.de\/markt\/produkt\/bluey-rucksack-kinder-kita-kindergartenrucksack-maedchen-jungs-backpack-mit-kinderleine-laufleine-blau\/","name":"Bluey Rucksack Kinder, Kita Kindergartenrucksack M\u00e4dchen Jungs Backpack mit Kinderleine Laufleine (Blau) - Markt-XXL","isPartOf":{"@id":"https:\/\/marktxxl.de\/markt\/#website"},"primaryImageOfPage":{"@id":"https:\/\/marktxxl.de\/markt\/produkt\/bluey-rucksack-kinder-kita-kindergartenrucksack-maedchen-jungs-backpack-mit-kinderleine-laufleine-blau\/#primaryimage"},"image":{"@id":"https:\/\/marktxxl.de\/markt\/produkt\/bluey-rucksack-kinder-kita-kindergartenrucksack-maedchen-jungs-backpack-mit-kinderleine-laufleine-blau\/#primaryimage"},"thumbnailUrl":"https:\/\/m.media-amazon.com\/images\/I\/41hwptAHrDL._SL500_.jpg","datePublished":"2023-04-10T10:46:58+00:00","description":"Markt-XXL Bluey Rucksack Kinder, Kita Kindergartenrucksack M\u00e4dchen Jungs Backpack mit Kinderleine Laufleine (Blau)","breadcrumb":{"@id":"https:\/\/marktxxl.de\/markt\/produkt\/bluey-rucksack-kinder-kita-kindergartenrucksack-maedchen-jungs-backpack-mit-kinderleine-laufleine-blau\/#breadcrumb"},"inLanguage":"de","potentialAction":[{"@type":"ReadAction","target":["https:\/\/marktxxl.de\/markt\/produkt\/bluey-rucksack-kinder-kita-kindergartenrucksack-maedchen-jungs-backpack-mit-kinderleine-laufleine-blau\/"]}]},{"@type":"ImageObject","inLanguage":"de","@id":"https:\/\/marktxxl.de\/markt\/produkt\/bluey-rucksack-kinder-kita-kindergartenrucksack-maedchen-jungs-backpack-mit-kinderleine-laufleine-blau\/#primaryimage","url":"https:\/\/m.media-amazon.com\/images\/I\/41hwptAHrDL._SL500_.jpg","contentUrl":"https:\/\/m.media-amazon.com\/images\/I\/41hwptAHrDL._SL500_.jpg","width":500,"height":500},{"@type":"BreadcrumbList","@id":"https:\/\/marktxxl.de\/markt\/produkt\/bluey-rucksack-kinder-kita-kindergartenrucksack-maedchen-jungs-backpack-mit-kinderleine-laufleine-blau\/#breadcrumb","itemListElement":[{"@type":"ListItem","position":1,"name":"Startseite","item":"https:\/\/marktxxl.de\/markt\/"},{"@type":"ListItem","position":2,"name":"Markt","item":"https:\/\/marktxxl.de\/markt\/"},{"@type":"ListItem","position":3,"name":"Bluey Rucksack Kinder, Kita Kindergartenrucksack M\u00e4dchen Jungs Backpack mit Kinderleine Laufleine (Blau)"}]},{"@type":"WebSite","@id":"https:\/\/marktxxl.de\/markt\/#website","url":"https:\/\/marktxxl.de\/markt\/","name":"Markt-XXL","description":"Ihr Markt Online","publisher":{"@id":"https:\/\/marktxxl.de\/markt\/#organization"},"potentialAction":[{"@type":"SearchAction","target":{"@type":"EntryPoint","urlTemplate":"https:\/\/marktxxl.de\/markt\/?s={search_term_string}"},"query-input":{"@type":"PropertyValueSpecification","valueRequired":true,"valueName":"search_term_string"}}],"inLanguage":"de"},{"@type":"Organization","@id":"https:\/\/marktxxl.de\/markt\/#organization","name":"Markt-XXL","url":"https:\/\/marktxxl.de\/markt\/","logo":{"@type":"ImageObject","inLanguage":"de","@id":"https:\/\/marktxxl.de\/markt\/#\/schema\/logo\/image\/","url":"https:\/\/marktxxl.de\/markt\/wp-content\/uploads\/sites\/3\/2020\/12\/logo.png","contentUrl":"https:\/\/marktxxl.de\/markt\/wp-content\/uploads\/sites\/3\/2020\/12\/logo.png","width":200,"height":70,"caption":"Markt-XXL"},"image":{"@id":"https:\/\/marktxxl.de\/markt\/#\/schema\/logo\/image\/"}}]}},"_links":{"self":[{"href":"https:\/\/marktxxl.de\/markt\/wp-json\/wp\/v2\/product\/201320","targetHints":{"allow":["GET"]}}],"collection":[{"href":"https:\/\/marktxxl.de\/markt\/wp-json\/wp\/v2\/product"}],"about":[{"href":"https:\/\/marktxxl.de\/markt\/wp-json\/wp\/v2\/types\/product"}],"replies":[{"embeddable":true,"href":"https:\/\/marktxxl.de\/markt\/wp-json\/wp\/v2\/comments?post=201320"}],"wp:featuredmedia":[{"embeddable":true,"href":"https:\/\/marktxxl.de\/markt\/wp-json\/wp\/v2\/media\/201321"}],"wp:attachment":[{"href":"https:\/\/marktxxl.de\/markt\/wp-json\/wp\/v2\/media?parent=201320"}],"wp:term":[{"taxonomy":"product_brand","embeddable":true,"href":"https:\/\/marktxxl.de\/markt\/wp-json\/wp\/v2\/product_brand?post=201320"},{"taxonomy":"product_cat","embeddable":true,"href":"https:\/\/marktxxl.de\/markt\/wp-json\/wp\/v2\/product_cat?post=201320"},{"taxonomy":"product_tag","embeddable":true,"href":"https:\/\/marktxxl.de\/markt\/wp-json\/wp\/v2\/product_tag?post=201320"}],"curies":[{"name":"wp","href":"https:\/\/api.w.org\/{rel}","templated":true}]}}