{"id":107174,"date":"2022-02-26T16:12:24","date_gmt":"2022-02-26T15:12:24","guid":{"rendered":"https:\/\/marktxxl.de\/markt\/produkt\/omoton-fuer-ipad-pro-12-9-2021-und-ipad-pro-12-9-2020-panzerglas-mit-rahmen-installationshilfe-kompatibel-mit-ipad-pro-12-9-zoll-kamera-schutzfolie-22-stueck-anti-kratzer-9h-haerte-hd-kl\/"},"modified":"2023-04-10T03:32:48","modified_gmt":"2023-04-10T01:32:48","slug":"omoton-fuer-ipad-pro-12-9-2021-und-ipad-pro-12-9-2020-panzerglas-mit-rahmen-installationshilfe-kompatibel-mit-ipad-pro-12-9-zoll-kamera-schutzfolie-22-stueck-anti-kratzer-9h-haerte-hd-kl","status":"publish","type":"product","link":"https:\/\/marktxxl.de\/markt\/produkt\/omoton-fuer-ipad-pro-12-9-2021-und-ipad-pro-12-9-2020-panzerglas-mit-rahmen-installationshilfe-kompatibel-mit-ipad-pro-12-9-zoll-kamera-schutzfolie-22-stueck-anti-kratzer-9h-haerte-hd-kl\/","title":{"rendered":"OMOTON [2+2 St\u00fcck f\u00fcr iPad Pro 12.9 2022\/2021\/2020 (6.\/5.\/4. Generation) Schutzglas mit Rahmen-Installationshilfe\u2026"},"content":{"rendered":"<p>Dieses Panzerglas wurde speziell f\u00fcr iPad Pro 12.9 Zoll (2021\/2020) entwickelt. Es kann Ihr Telefonbildschirm und Kamera gut abdecken und die speziell entwickelten 2,5D gerundeten Kanten bieten zus\u00e4tzlichen Komfort und verbesserten Kantenschutz<br \/>\nDurch die Positionierhilfe und Verwendung der fortschrittlichen Adsorptionsschicht kann die Glasfolie automatisch von des Handys oberfl\u00e4che absorbiert werden. Blasenfrei, einfache Installation und perfekte Passform. Bitte folgen Sie den Anweisungen zu Installation, um Fehler zu vermeiden<br \/>\nHergestellt aus hochwertigem Glas, das kratzfest und bruchsicher ist, sch\u00fctzt Ihren Bildschirm und Kamera vor Kratzern und hohen Schlagabf\u00e4llen<br \/>\nDieses Panzerglas wird durch Plasmaspritzen und Auto-Adsorptions-Technologie angetrieben, somit kann einfach ohne Blasen und Schwei\u00df-\/Fettr\u00fcckst\u00e4nde in den Fingerabdr\u00fccken installiert werden und Ihren Bildschirm gl\u00e4nzend und sauber halten<br \/>\nDieses Panzerglas ist kristallklar mit 99.99% Transparenz. Deshalb bleibt die innovative Beschichtung immer Sauber und zu 99.99% durchsichtig. Die Ber\u00fchrungsempfindlichkeit des Touchscreens wird nicht beeintr\u00e4chtigt<br \/>\n<div class=\"main-cross-sell\" data-asin=\"B09LCFG18M\">\n\n\t<div class=\"WooZone-cross-sell-loader\">\n\t\t<div>\n\t\t\t<div id=\"floatingBarsG\">\n\t\t\t\t<div class=\"blockG\" id=\"rotateG_01\"><\/div>\n\t\t\t\t<div class=\"blockG\" id=\"rotateG_02\"><\/div>\n\t\t\t\t<div class=\"blockG\" id=\"rotateG_03\"><\/div>\n\t\t\t\t<div class=\"blockG\" id=\"rotateG_04\"><\/div>\n\t\t\t\t<div class=\"blockG\" id=\"rotateG_05\"><\/div>\n\t\t\t\t<div class=\"blockG\" id=\"rotateG_06\"><\/div>\n\t\t\t\t<div class=\"blockG\" id=\"rotateG_07\"><\/div>\n\t\t\t\t<div class=\"blockG\" id=\"rotateG_08\"><\/div>\n\t\t\t<\/div>\n\t\t\t<div class=\"WooZone-cross-sell-loader-text\"><\/div>\n\t\t<\/div>\n\t<\/div>\n\n\t\t\n<\/div>\n<div style=\"clear:both;\"><\/div><\/p>\n","protected":false},"excerpt":{"rendered":"<p>Dieses Panzerglas wurde speziell f\u00fcr iPad Pro 12.9 Zoll (2021\/2020) entwickelt. Es kann Ihr Telefonbildschirm und Kamera gut abdecken und die speziell entwickelten 2,5D gerundeten Kanten bieten zus\u00e4tzlichen Komfort und verbesserten Kantenschutz<br \/>\nDurch die Positionierhilfe und Verwendung der fortschrittlichen Adsorptionsschicht kann die Glasfolie automatisch von des Handys oberfl\u00e4che absorbiert werden. Blasenfrei, einfache Installation und perfekte Passform. Bitte folgen Sie den Anweisungen zu Installation, um Fehler zu vermeiden<br \/>\nHergestellt aus hochwertigem Glas, das kratzfest und bruchsicher ist, sch\u00fctzt Ihren Bildschirm und Kamera vor Kratzern und hohen Schlagabf\u00e4llen<\/p>\n","protected":false},"featured_media":107175,"comment_status":"open","ping_status":"closed","template":"","meta":[],"product_brand":[],"product_cat":[863],"product_tag":[],"class_list":{"0":"post-107174","1":"product","2":"type-product","3":"status-publish","4":"has-post-thumbnail","6":"product_cat-computer-zubehoer","7":"pa_brand-omoton","8":"pa_manufacturer-omoton","10":"first","11":"instock","12":"shipping-taxable","13":"purchasable","14":"product-type-simple","15":"customify-col","16":"product-has-gallery"},"yoast_head":"<!-- This site is optimized with the Yoast SEO plugin v27.4 - https:\/\/yoast.com\/product\/yoast-seo-wordpress\/ -->\n<title>OMOTON [2+2 St\u00fcck f\u00fcr iPad Pro 12.9 2022\/2021\/2020 (6.\/5.\/4. Generation) Schutzglas mit Rahmen-Installationshilfe\u2026 - Markt-XXL<\/title>\n<meta name=\"description\" content=\"Markt-XXL OMOTON [2+2 St\u00fcck f\u00fcr iPad Pro 12.9 2022\/2021\/2020 (6.\/5.\/4. Generation) Schutzglas mit Rahmen-Installationshilfe\u2026\" \/>\n<meta name=\"robots\" content=\"index, follow, max-snippet:-1, max-image-preview:large, max-video-preview:-1\" \/>\n<link rel=\"canonical\" href=\"https:\/\/marktxxl.de\/markt\/produkt\/omoton-fuer-ipad-pro-12-9-2021-und-ipad-pro-12-9-2020-panzerglas-mit-rahmen-installationshilfe-kompatibel-mit-ipad-pro-12-9-zoll-kamera-schutzfolie-22-stueck-anti-kratzer-9h-haerte-hd-kl\/\" \/>\n<meta property=\"og:locale\" content=\"de_DE\" \/>\n<meta property=\"og:type\" content=\"article\" \/>\n<meta property=\"og:title\" content=\"OMOTON [2+2 St\u00fcck f\u00fcr iPad Pro 12.9 2022\/2021\/2020 (6.\/5.\/4. Generation) Schutzglas mit Rahmen-Installationshilfe\u2026 - Markt-XXL\" \/>\n<meta property=\"og:description\" content=\"Markt-XXL OMOTON [2+2 St\u00fcck f\u00fcr iPad Pro 12.9 2022\/2021\/2020 (6.\/5.\/4. Generation) Schutzglas mit Rahmen-Installationshilfe\u2026\" \/>\n<meta property=\"og:url\" content=\"https:\/\/marktxxl.de\/markt\/produkt\/omoton-fuer-ipad-pro-12-9-2021-und-ipad-pro-12-9-2020-panzerglas-mit-rahmen-installationshilfe-kompatibel-mit-ipad-pro-12-9-zoll-kamera-schutzfolie-22-stueck-anti-kratzer-9h-haerte-hd-kl\/\" \/>\n<meta property=\"og:site_name\" content=\"Markt-XXL\" \/>\n<meta property=\"article:modified_time\" content=\"2023-04-10T01:32:48+00:00\" \/>\n<meta property=\"og:image\" content=\"https:\/\/m.media-amazon.com\/images\/I\/51powUrHXbL._SL500_.jpg\" \/>\n\t<meta property=\"og:image:width\" content=\"500\" \/>\n\t<meta property=\"og:image:height\" content=\"500\" \/>\n\t<meta property=\"og:image:type\" content=\"image\/jpeg\" \/>\n<meta name=\"twitter:card\" content=\"summary_large_image\" \/>\n<meta name=\"twitter:label1\" content=\"Gesch\u00e4tzte Lesezeit\" \/>\n\t<meta name=\"twitter:data1\" content=\"1\u00a0Minute\" \/>\n<script type=\"application\/ld+json\" class=\"yoast-schema-graph\">{\"@context\":\"https:\\\/\\\/schema.org\",\"@graph\":[{\"@type\":\"WebPage\",\"@id\":\"https:\\\/\\\/marktxxl.de\\\/markt\\\/produkt\\\/omoton-fuer-ipad-pro-12-9-2021-und-ipad-pro-12-9-2020-panzerglas-mit-rahmen-installationshilfe-kompatibel-mit-ipad-pro-12-9-zoll-kamera-schutzfolie-22-stueck-anti-kratzer-9h-haerte-hd-kl\\\/\",\"url\":\"https:\\\/\\\/marktxxl.de\\\/markt\\\/produkt\\\/omoton-fuer-ipad-pro-12-9-2021-und-ipad-pro-12-9-2020-panzerglas-mit-rahmen-installationshilfe-kompatibel-mit-ipad-pro-12-9-zoll-kamera-schutzfolie-22-stueck-anti-kratzer-9h-haerte-hd-kl\\\/\",\"name\":\"OMOTON [2+2 St\u00fcck f\u00fcr iPad Pro 12.9 2022\\\/2021\\\/2020 (6.\\\/5.\\\/4. Generation) Schutzglas mit Rahmen-Installationshilfe\u2026 - Markt-XXL\",\"isPartOf\":{\"@id\":\"https:\\\/\\\/marktxxl.de\\\/markt\\\/#website\"},\"primaryImageOfPage\":{\"@id\":\"https:\\\/\\\/marktxxl.de\\\/markt\\\/produkt\\\/omoton-fuer-ipad-pro-12-9-2021-und-ipad-pro-12-9-2020-panzerglas-mit-rahmen-installationshilfe-kompatibel-mit-ipad-pro-12-9-zoll-kamera-schutzfolie-22-stueck-anti-kratzer-9h-haerte-hd-kl\\\/#primaryimage\"},\"image\":{\"@id\":\"https:\\\/\\\/marktxxl.de\\\/markt\\\/produkt\\\/omoton-fuer-ipad-pro-12-9-2021-und-ipad-pro-12-9-2020-panzerglas-mit-rahmen-installationshilfe-kompatibel-mit-ipad-pro-12-9-zoll-kamera-schutzfolie-22-stueck-anti-kratzer-9h-haerte-hd-kl\\\/#primaryimage\"},\"thumbnailUrl\":\"https:\\\/\\\/m.media-amazon.com\\\/images\\\/I\\\/51powUrHXbL._SL500_.jpg\",\"datePublished\":\"2022-02-26T15:12:24+00:00\",\"dateModified\":\"2023-04-10T01:32:48+00:00\",\"description\":\"Markt-XXL OMOTON [2+2 St\u00fcck f\u00fcr iPad Pro 12.9 2022\\\/2021\\\/2020 (6.\\\/5.\\\/4. Generation) Schutzglas mit Rahmen-Installationshilfe\u2026\",\"breadcrumb\":{\"@id\":\"https:\\\/\\\/marktxxl.de\\\/markt\\\/produkt\\\/omoton-fuer-ipad-pro-12-9-2021-und-ipad-pro-12-9-2020-panzerglas-mit-rahmen-installationshilfe-kompatibel-mit-ipad-pro-12-9-zoll-kamera-schutzfolie-22-stueck-anti-kratzer-9h-haerte-hd-kl\\\/#breadcrumb\"},\"inLanguage\":\"de\",\"potentialAction\":[{\"@type\":\"ReadAction\",\"target\":[\"https:\\\/\\\/marktxxl.de\\\/markt\\\/produkt\\\/omoton-fuer-ipad-pro-12-9-2021-und-ipad-pro-12-9-2020-panzerglas-mit-rahmen-installationshilfe-kompatibel-mit-ipad-pro-12-9-zoll-kamera-schutzfolie-22-stueck-anti-kratzer-9h-haerte-hd-kl\\\/\"]}]},{\"@type\":\"ImageObject\",\"inLanguage\":\"de\",\"@id\":\"https:\\\/\\\/marktxxl.de\\\/markt\\\/produkt\\\/omoton-fuer-ipad-pro-12-9-2021-und-ipad-pro-12-9-2020-panzerglas-mit-rahmen-installationshilfe-kompatibel-mit-ipad-pro-12-9-zoll-kamera-schutzfolie-22-stueck-anti-kratzer-9h-haerte-hd-kl\\\/#primaryimage\",\"url\":\"https:\\\/\\\/m.media-amazon.com\\\/images\\\/I\\\/51powUrHXbL._SL500_.jpg\",\"contentUrl\":\"https:\\\/\\\/m.media-amazon.com\\\/images\\\/I\\\/51powUrHXbL._SL500_.jpg\",\"width\":500,\"height\":500},{\"@type\":\"BreadcrumbList\",\"@id\":\"https:\\\/\\\/marktxxl.de\\\/markt\\\/produkt\\\/omoton-fuer-ipad-pro-12-9-2021-und-ipad-pro-12-9-2020-panzerglas-mit-rahmen-installationshilfe-kompatibel-mit-ipad-pro-12-9-zoll-kamera-schutzfolie-22-stueck-anti-kratzer-9h-haerte-hd-kl\\\/#breadcrumb\",\"itemListElement\":[{\"@type\":\"ListItem\",\"position\":1,\"name\":\"Startseite\",\"item\":\"https:\\\/\\\/marktxxl.de\\\/markt\\\/\"},{\"@type\":\"ListItem\",\"position\":2,\"name\":\"Markt\",\"item\":\"https:\\\/\\\/marktxxl.de\\\/markt\\\/\"},{\"@type\":\"ListItem\",\"position\":3,\"name\":\"OMOTON [2+2 St\u00fcck f\u00fcr iPad Pro 12.9 2022\\\/2021\\\/2020 (6.\\\/5.\\\/4. Generation) Schutzglas mit Rahmen-Installationshilfe\u2026\"}]},{\"@type\":\"WebSite\",\"@id\":\"https:\\\/\\\/marktxxl.de\\\/markt\\\/#website\",\"url\":\"https:\\\/\\\/marktxxl.de\\\/markt\\\/\",\"name\":\"Markt-XXL\",\"description\":\"Ihr Markt Online\",\"publisher\":{\"@id\":\"https:\\\/\\\/marktxxl.de\\\/markt\\\/#organization\"},\"potentialAction\":[{\"@type\":\"SearchAction\",\"target\":{\"@type\":\"EntryPoint\",\"urlTemplate\":\"https:\\\/\\\/marktxxl.de\\\/markt\\\/?s={search_term_string}\"},\"query-input\":{\"@type\":\"PropertyValueSpecification\",\"valueRequired\":true,\"valueName\":\"search_term_string\"}}],\"inLanguage\":\"de\"},{\"@type\":\"Organization\",\"@id\":\"https:\\\/\\\/marktxxl.de\\\/markt\\\/#organization\",\"name\":\"Markt-XXL\",\"url\":\"https:\\\/\\\/marktxxl.de\\\/markt\\\/\",\"logo\":{\"@type\":\"ImageObject\",\"inLanguage\":\"de\",\"@id\":\"https:\\\/\\\/marktxxl.de\\\/markt\\\/#\\\/schema\\\/logo\\\/image\\\/\",\"url\":\"https:\\\/\\\/marktxxl.de\\\/markt\\\/wp-content\\\/uploads\\\/sites\\\/3\\\/2020\\\/12\\\/logo.png\",\"contentUrl\":\"https:\\\/\\\/marktxxl.de\\\/markt\\\/wp-content\\\/uploads\\\/sites\\\/3\\\/2020\\\/12\\\/logo.png\",\"width\":200,\"height\":70,\"caption\":\"Markt-XXL\"},\"image\":{\"@id\":\"https:\\\/\\\/marktxxl.de\\\/markt\\\/#\\\/schema\\\/logo\\\/image\\\/\"}}]}<\/script>\n<!-- \/ Yoast SEO plugin. -->","yoast_head_json":{"title":"OMOTON [2+2 St\u00fcck f\u00fcr iPad Pro 12.9 2022\/2021\/2020 (6.\/5.\/4. Generation) Schutzglas mit Rahmen-Installationshilfe\u2026 - Markt-XXL","description":"Markt-XXL OMOTON [2+2 St\u00fcck f\u00fcr iPad Pro 12.9 2022\/2021\/2020 (6.\/5.\/4. Generation) Schutzglas mit Rahmen-Installationshilfe\u2026","robots":{"index":"index","follow":"follow","max-snippet":"max-snippet:-1","max-image-preview":"max-image-preview:large","max-video-preview":"max-video-preview:-1"},"canonical":"https:\/\/marktxxl.de\/markt\/produkt\/omoton-fuer-ipad-pro-12-9-2021-und-ipad-pro-12-9-2020-panzerglas-mit-rahmen-installationshilfe-kompatibel-mit-ipad-pro-12-9-zoll-kamera-schutzfolie-22-stueck-anti-kratzer-9h-haerte-hd-kl\/","og_locale":"de_DE","og_type":"article","og_title":"OMOTON [2+2 St\u00fcck f\u00fcr iPad Pro 12.9 2022\/2021\/2020 (6.\/5.\/4. Generation) Schutzglas mit Rahmen-Installationshilfe\u2026 - Markt-XXL","og_description":"Markt-XXL OMOTON [2+2 St\u00fcck f\u00fcr iPad Pro 12.9 2022\/2021\/2020 (6.\/5.\/4. Generation) Schutzglas mit Rahmen-Installationshilfe\u2026","og_url":"https:\/\/marktxxl.de\/markt\/produkt\/omoton-fuer-ipad-pro-12-9-2021-und-ipad-pro-12-9-2020-panzerglas-mit-rahmen-installationshilfe-kompatibel-mit-ipad-pro-12-9-zoll-kamera-schutzfolie-22-stueck-anti-kratzer-9h-haerte-hd-kl\/","og_site_name":"Markt-XXL","article_modified_time":"2023-04-10T01:32:48+00:00","og_image":[{"width":500,"height":500,"url":"https:\/\/m.media-amazon.com\/images\/I\/51powUrHXbL._SL500_.jpg","type":"image\/jpeg"}],"twitter_card":"summary_large_image","twitter_misc":{"Gesch\u00e4tzte Lesezeit":"1\u00a0Minute"},"schema":{"@context":"https:\/\/schema.org","@graph":[{"@type":"WebPage","@id":"https:\/\/marktxxl.de\/markt\/produkt\/omoton-fuer-ipad-pro-12-9-2021-und-ipad-pro-12-9-2020-panzerglas-mit-rahmen-installationshilfe-kompatibel-mit-ipad-pro-12-9-zoll-kamera-schutzfolie-22-stueck-anti-kratzer-9h-haerte-hd-kl\/","url":"https:\/\/marktxxl.de\/markt\/produkt\/omoton-fuer-ipad-pro-12-9-2021-und-ipad-pro-12-9-2020-panzerglas-mit-rahmen-installationshilfe-kompatibel-mit-ipad-pro-12-9-zoll-kamera-schutzfolie-22-stueck-anti-kratzer-9h-haerte-hd-kl\/","name":"OMOTON [2+2 St\u00fcck f\u00fcr iPad Pro 12.9 2022\/2021\/2020 (6.\/5.\/4. Generation) Schutzglas mit Rahmen-Installationshilfe\u2026 - Markt-XXL","isPartOf":{"@id":"https:\/\/marktxxl.de\/markt\/#website"},"primaryImageOfPage":{"@id":"https:\/\/marktxxl.de\/markt\/produkt\/omoton-fuer-ipad-pro-12-9-2021-und-ipad-pro-12-9-2020-panzerglas-mit-rahmen-installationshilfe-kompatibel-mit-ipad-pro-12-9-zoll-kamera-schutzfolie-22-stueck-anti-kratzer-9h-haerte-hd-kl\/#primaryimage"},"image":{"@id":"https:\/\/marktxxl.de\/markt\/produkt\/omoton-fuer-ipad-pro-12-9-2021-und-ipad-pro-12-9-2020-panzerglas-mit-rahmen-installationshilfe-kompatibel-mit-ipad-pro-12-9-zoll-kamera-schutzfolie-22-stueck-anti-kratzer-9h-haerte-hd-kl\/#primaryimage"},"thumbnailUrl":"https:\/\/m.media-amazon.com\/images\/I\/51powUrHXbL._SL500_.jpg","datePublished":"2022-02-26T15:12:24+00:00","dateModified":"2023-04-10T01:32:48+00:00","description":"Markt-XXL OMOTON [2+2 St\u00fcck f\u00fcr iPad Pro 12.9 2022\/2021\/2020 (6.\/5.\/4. Generation) Schutzglas mit Rahmen-Installationshilfe\u2026","breadcrumb":{"@id":"https:\/\/marktxxl.de\/markt\/produkt\/omoton-fuer-ipad-pro-12-9-2021-und-ipad-pro-12-9-2020-panzerglas-mit-rahmen-installationshilfe-kompatibel-mit-ipad-pro-12-9-zoll-kamera-schutzfolie-22-stueck-anti-kratzer-9h-haerte-hd-kl\/#breadcrumb"},"inLanguage":"de","potentialAction":[{"@type":"ReadAction","target":["https:\/\/marktxxl.de\/markt\/produkt\/omoton-fuer-ipad-pro-12-9-2021-und-ipad-pro-12-9-2020-panzerglas-mit-rahmen-installationshilfe-kompatibel-mit-ipad-pro-12-9-zoll-kamera-schutzfolie-22-stueck-anti-kratzer-9h-haerte-hd-kl\/"]}]},{"@type":"ImageObject","inLanguage":"de","@id":"https:\/\/marktxxl.de\/markt\/produkt\/omoton-fuer-ipad-pro-12-9-2021-und-ipad-pro-12-9-2020-panzerglas-mit-rahmen-installationshilfe-kompatibel-mit-ipad-pro-12-9-zoll-kamera-schutzfolie-22-stueck-anti-kratzer-9h-haerte-hd-kl\/#primaryimage","url":"https:\/\/m.media-amazon.com\/images\/I\/51powUrHXbL._SL500_.jpg","contentUrl":"https:\/\/m.media-amazon.com\/images\/I\/51powUrHXbL._SL500_.jpg","width":500,"height":500},{"@type":"BreadcrumbList","@id":"https:\/\/marktxxl.de\/markt\/produkt\/omoton-fuer-ipad-pro-12-9-2021-und-ipad-pro-12-9-2020-panzerglas-mit-rahmen-installationshilfe-kompatibel-mit-ipad-pro-12-9-zoll-kamera-schutzfolie-22-stueck-anti-kratzer-9h-haerte-hd-kl\/#breadcrumb","itemListElement":[{"@type":"ListItem","position":1,"name":"Startseite","item":"https:\/\/marktxxl.de\/markt\/"},{"@type":"ListItem","position":2,"name":"Markt","item":"https:\/\/marktxxl.de\/markt\/"},{"@type":"ListItem","position":3,"name":"OMOTON [2+2 St\u00fcck f\u00fcr iPad Pro 12.9 2022\/2021\/2020 (6.\/5.\/4. Generation) Schutzglas mit Rahmen-Installationshilfe\u2026"}]},{"@type":"WebSite","@id":"https:\/\/marktxxl.de\/markt\/#website","url":"https:\/\/marktxxl.de\/markt\/","name":"Markt-XXL","description":"Ihr Markt Online","publisher":{"@id":"https:\/\/marktxxl.de\/markt\/#organization"},"potentialAction":[{"@type":"SearchAction","target":{"@type":"EntryPoint","urlTemplate":"https:\/\/marktxxl.de\/markt\/?s={search_term_string}"},"query-input":{"@type":"PropertyValueSpecification","valueRequired":true,"valueName":"search_term_string"}}],"inLanguage":"de"},{"@type":"Organization","@id":"https:\/\/marktxxl.de\/markt\/#organization","name":"Markt-XXL","url":"https:\/\/marktxxl.de\/markt\/","logo":{"@type":"ImageObject","inLanguage":"de","@id":"https:\/\/marktxxl.de\/markt\/#\/schema\/logo\/image\/","url":"https:\/\/marktxxl.de\/markt\/wp-content\/uploads\/sites\/3\/2020\/12\/logo.png","contentUrl":"https:\/\/marktxxl.de\/markt\/wp-content\/uploads\/sites\/3\/2020\/12\/logo.png","width":200,"height":70,"caption":"Markt-XXL"},"image":{"@id":"https:\/\/marktxxl.de\/markt\/#\/schema\/logo\/image\/"}}]}},"_links":{"self":[{"href":"https:\/\/marktxxl.de\/markt\/wp-json\/wp\/v2\/product\/107174","targetHints":{"allow":["GET"]}}],"collection":[{"href":"https:\/\/marktxxl.de\/markt\/wp-json\/wp\/v2\/product"}],"about":[{"href":"https:\/\/marktxxl.de\/markt\/wp-json\/wp\/v2\/types\/product"}],"replies":[{"embeddable":true,"href":"https:\/\/marktxxl.de\/markt\/wp-json\/wp\/v2\/comments?post=107174"}],"wp:featuredmedia":[{"embeddable":true,"href":"https:\/\/marktxxl.de\/markt\/wp-json\/wp\/v2\/media\/107175"}],"wp:attachment":[{"href":"https:\/\/marktxxl.de\/markt\/wp-json\/wp\/v2\/media?parent=107174"}],"wp:term":[{"taxonomy":"product_brand","embeddable":true,"href":"https:\/\/marktxxl.de\/markt\/wp-json\/wp\/v2\/product_brand?post=107174"},{"taxonomy":"product_cat","embeddable":true,"href":"https:\/\/marktxxl.de\/markt\/wp-json\/wp\/v2\/product_cat?post=107174"},{"taxonomy":"product_tag","embeddable":true,"href":"https:\/\/marktxxl.de\/markt\/wp-json\/wp\/v2\/product_tag?post=107174"}],"curies":[{"name":"wp","href":"https:\/\/api.w.org\/{rel}","templated":true}]}}