{"id":103332,"date":"2022-01-27T19:48:21","date_gmt":"2022-01-27T18:48:21","guid":{"rendered":"https:\/\/marktxxl.de\/markt\/produkt\/tasse-mit-spruch-geschenk-lebenslange-farbgarantie-mir-nicht-auf-den-sack-gehen-2021-kaffeetasse-buero\/"},"modified":"2023-04-11T03:27:16","modified_gmt":"2023-04-11T01:27:16","slug":"tasse-mit-spruch-geschenk-lebenslange-farbgarantie-mir-nicht-auf-den-sack-gehen-2021-kaffeetasse-buero","status":"publish","type":"product","link":"https:\/\/marktxxl.de\/markt\/produkt\/tasse-mit-spruch-geschenk-lebenslange-farbgarantie-mir-nicht-auf-den-sack-gehen-2021-kaffeetasse-buero\/","title":{"rendered":"6er Bundle Tasse mit Spruch &#8211; Geschenk &#8211; [Lebenslange Farbgarantie] &#8211; Mir nicht auf den Sack gehen 2021 &#8211; Kaffeetasse\u2026"},"content":{"rendered":"<p>\ud83e\udde1 \ud835\uddd8\ud835\uddf6\ud835\uddfb\ud835\ude07\ud835\uddf6\ud835\uddf4\ud835\uddee\ud835\uddff\ud835\ude01\ud835\uddf6\ud835\uddf4\ud835\uddf2 \ud835\udde9\ud835\uddf2\ud835\uddff\ud835\uddee\ud835\uddff\ud835\uddef\ud835\uddf2\ud835\uddf6\ud835\ude01\ud835\ude02\ud835\uddfb\ud835\uddf4: Einzigartige und brilliante Druckergebnisse treffen auf Langlebigkeit &#8211; denn unsere Kaffeebecher sind zu 100% Sp\u00fclmaschinen- und Mikrowellenfest.<br \/>\n\ud83e\udde1 \ud835\udddb\ud835\uddf2\ud835\uddff\ud835\uddf4\ud835\uddf2\ud835\ude00\ud835\ude01\ud835\uddf2\ud835\uddf9\ud835\uddf9\ud835\ude01 \ud835\uddf6\ud835\uddfb \ud835\uddd7\ud835\uddf2\ud835\ude02\ud835\ude01\ud835\ude00\ud835\uddf0\ud835\uddf5\ud835\uddf9\ud835\uddee\ud835\uddfb\ud835\uddf1: Unsere Kaffeetassen mit Spruch werden mit liebevoll und mit absoluter Hingabe in Deutschland im Allg\u00e4u produziert, verpackt und versendet.<br \/>\n\ud83e\udde1 \ud835\uddd7\ud835\uddee\ud835\ude00 \ud835\uddfd\ud835\uddf2\ud835\uddff\ud835\uddf3\ud835\uddf2\ud835\uddf8\ud835\ude01\ud835\uddf2 \ud835\uddda\ud835\uddf2\ud835\ude00\ud835\uddf0\ud835\uddf5\ud835\uddf2\ud835\uddfb\ud835\uddf8: Die Perfekte Geschenkidee f\u00fcr Arbeitskollegen, Kollegin, Freund oder Freundin. Einfach jeder wird sich \u00fcber diesen Kaffeebecher freuen denn pers\u00f6nliche und originelle Geschenke mit lustigen Spr\u00fcchen begeistern immer jeden.<br \/>\n\ud83e\udde1 \ud835\udde7\ud835\uddee\ud835\ude00\ud835\ude00\ud835\uddf2 \ud835\uddfa\ud835\uddf6\ud835\ude01 \ud835\udde6\ud835\uddfd\ud835\uddff\ud835\ude02\ud835\uddf0\ud835\uddf5: Auf den Spruch kommt es an, denn unsere Kaffeebecher schm\u00fccken jeden Morgen den B\u00fcroschreibtisch oder auch den Esszimmertisch beim Fr\u00fchst\u00fcck. Die Spr\u00fcche sollen Spa\u00df machen und zwar Morgen, Mittags und Abends und das 7 Tage die Woche. Dazu kommt, dass der Kaffee bei guter Laune gleich viel besser schmeckt.<br \/>\n\ud83e\udde1 \ud835\uddda\ud835\ude02\ud835\ude01 \ud835\ude07\ud835\ude02 \ud835\uddea\ud835\uddf6\ud835\ude00\ud835\ude00\ud835\uddf2\ud835\uddfb: Die Kaffeetassen bestehen aus Keramik. H\u00f6he: 96mm, Durchmesser 80mm, Gewicht ca 340g<br \/>\n\ud83e\udde1 \ud835\uddde\ud835\ude02\ud835\uddfb\ud835\uddf1\ud835\uddf2\ud835\uddfb\ud835\ude00\ud835\uddf2\ud835\uddff\ud835\ude03\ud835\uddf6\ud835\uddf0\ud835\uddf2 \ud835\uddee\ud835\ude02\ud835\ude00 \ud835\uddd7\ud835\uddf2\ud835\ude02\ud835\ude01\ud835\ude00\ud835\uddf0\ud835\uddf5\ud835\uddf9\ud835\uddee\ud835\uddfb\ud835\uddf1: Wir verpacken und versenden direkt aus Deutschland! Es gibt Probleme bei der Lieferung? Kein Problem &#8211; Ein Anruf auf unserer Festnetznummer oder eine Mail reichen und wir helfen Ihnen! Inklusive ordentlicher deutscher Rechnung mit ausgewiesener Mehrwertsteuer nat\u00fcrlich!<br \/>\n\ud83e\udde1 \ud835\udddf\ud835\uddf2\ud835\uddef\ud835\uddf2\ud835\uddfb\ud835\ude00\ud835\uddf9\ud835\uddee\ud835\uddfb\ud835\uddf4\ud835\uddf2 \ud835\uddd9\ud835\uddee\ud835\uddff\ud835\uddef\ud835\uddf4\ud835\uddee\ud835\uddff\ud835\uddee\ud835\uddfb\ud835\ude01\ud835\uddf6\ud835\uddf2: Wir stellen an uns und unsere Tassen die h\u00f6chsten Qualit\u00e4tsanforderungen und b\u00fcrgen daf\u00fcr mit der Farbgarantie auf Lebenszeit.<br \/>\n<div class=\"main-cross-sell\" data-asin=\"B09528ND34\">\n\n\t<div class=\"WooZone-cross-sell-loader\">\n\t\t<div>\n\t\t\t<div id=\"floatingBarsG\">\n\t\t\t\t<div class=\"blockG\" id=\"rotateG_01\"><\/div>\n\t\t\t\t<div class=\"blockG\" id=\"rotateG_02\"><\/div>\n\t\t\t\t<div class=\"blockG\" id=\"rotateG_03\"><\/div>\n\t\t\t\t<div class=\"blockG\" id=\"rotateG_04\"><\/div>\n\t\t\t\t<div class=\"blockG\" id=\"rotateG_05\"><\/div>\n\t\t\t\t<div class=\"blockG\" id=\"rotateG_06\"><\/div>\n\t\t\t\t<div class=\"blockG\" id=\"rotateG_07\"><\/div>\n\t\t\t\t<div class=\"blockG\" id=\"rotateG_08\"><\/div>\n\t\t\t<\/div>\n\t\t\t<div class=\"WooZone-cross-sell-loader-text\"><\/div>\n\t\t<\/div>\n\t<\/div>\n\n\t\t\n<\/div>\n<div style=\"clear:both;\"><\/div><\/p>\n","protected":false},"excerpt":{"rendered":"<p>\ud83e\udde1 \ud835\uddd8\ud835\uddf6\ud835\uddfb\ud835\ude07\ud835\uddf6\ud835\uddf4\ud835\uddee\ud835\uddff\ud835\ude01\ud835\uddf6\ud835\uddf4\ud835\uddf2 \ud835\udde9\ud835\uddf2\ud835\uddff\ud835\uddee\ud835\uddff\ud835\uddef\ud835\uddf2\ud835\uddf6\ud835\ude01\ud835\ude02\ud835\uddfb\ud835\uddf4: Einzigartige und brilliante Druckergebnisse treffen auf Langlebigkeit &#8211; denn unsere Kaffeebecher sind zu 100% Sp\u00fclmaschinen- und Mikrowellenfest.<br \/>\n\ud83e\udde1 \ud835\udddb\ud835\uddf2\ud835\uddff\ud835\uddf4\ud835\uddf2\ud835\ude00\ud835\ude01\ud835\uddf2\ud835\uddf9\ud835\uddf9\ud835\ude01 \ud835\uddf6\ud835\uddfb \ud835\uddd7\ud835\uddf2\ud835\ude02\ud835\ude01\ud835\ude00\ud835\uddf0\ud835\uddf5\ud835\uddf9\ud835\uddee\ud835\uddfb\ud835\uddf1: Unsere Kaffeetassen mit Spruch werden mit liebevoll und mit absoluter Hingabe in Deutschland im Allg\u00e4u produziert, verpackt und versendet.<br \/>\n\ud83e\udde1 \ud835\uddd7\ud835\uddee\ud835\ude00 \ud835\uddfd\ud835\uddf2\ud835\uddff\ud835\uddf3\ud835\uddf2\ud835\uddf8\ud835\ude01\ud835\uddf2 \ud835\uddda\ud835\uddf2\ud835\ude00\ud835\uddf0\ud835\uddf5\ud835\uddf2\ud835\uddfb\ud835\uddf8: Die Perfekte Geschenkidee f\u00fcr Arbeitskollegen, Kollegin, Freund oder Freundin. Einfach jeder wird sich \u00fcber diesen Kaffeebecher freuen denn pers\u00f6nliche und originelle Geschenke mit lustigen Spr\u00fcchen begeistern immer jeden.<\/p>\n","protected":false},"featured_media":103333,"comment_status":"open","ping_status":"closed","template":"","meta":[],"product_brand":[],"product_cat":[4143,1186],"product_tag":[],"class_list":{"0":"post-103332","1":"product","2":"type-product","3":"status-publish","4":"has-post-thumbnail","6":"product_cat-arbeitskleidung-uniformen","7":"product_cat-bekleidung","8":"pa_brand-hml-druckstadel","9":"pa_manufacturer-handmade-lifestyle-com","10":"pa_warranty-lebenslange-farbgarantie","12":"first","13":"instock","14":"shipping-taxable","15":"purchasable","16":"product-type-simple","17":"customify-col","18":"product-has-gallery"},"yoast_head":"<!-- This site is optimized with the Yoast SEO plugin v27.4 - https:\/\/yoast.com\/product\/yoast-seo-wordpress\/ -->\n<title>6er Bundle Tasse mit Spruch - Geschenk - [Lebenslange Farbgarantie] - Mir nicht auf den Sack gehen 2021 - Kaffeetasse\u2026 - Markt-XXL<\/title>\n<meta name=\"description\" content=\"Markt-XXL 6er Bundle Tasse mit Spruch - Geschenk - [Lebenslange Farbgarantie] - Mir nicht auf den Sack gehen 2021 - Kaffeetasse\u2026\" \/>\n<meta name=\"robots\" content=\"index, follow, max-snippet:-1, max-image-preview:large, max-video-preview:-1\" \/>\n<link rel=\"canonical\" href=\"https:\/\/marktxxl.de\/markt\/produkt\/tasse-mit-spruch-geschenk-lebenslange-farbgarantie-mir-nicht-auf-den-sack-gehen-2021-kaffeetasse-buero\/\" \/>\n<meta property=\"og:locale\" content=\"de_DE\" \/>\n<meta property=\"og:type\" content=\"article\" \/>\n<meta property=\"og:title\" content=\"6er Bundle Tasse mit Spruch - Geschenk - [Lebenslange Farbgarantie] - Mir nicht auf den Sack gehen 2021 - Kaffeetasse\u2026 - Markt-XXL\" \/>\n<meta property=\"og:description\" content=\"Markt-XXL 6er Bundle Tasse mit Spruch - Geschenk - [Lebenslange Farbgarantie] - Mir nicht auf den Sack gehen 2021 - Kaffeetasse\u2026\" \/>\n<meta property=\"og:url\" content=\"https:\/\/marktxxl.de\/markt\/produkt\/tasse-mit-spruch-geschenk-lebenslange-farbgarantie-mir-nicht-auf-den-sack-gehen-2021-kaffeetasse-buero\/\" \/>\n<meta property=\"og:site_name\" content=\"Markt-XXL\" \/>\n<meta property=\"article:modified_time\" content=\"2023-04-11T01:27:16+00:00\" \/>\n<meta property=\"og:image\" content=\"https:\/\/m.media-amazon.com\/images\/I\/41QR1HGoeFL._SL500_.jpg\" \/>\n\t<meta property=\"og:image:width\" content=\"500\" \/>\n\t<meta property=\"og:image:height\" content=\"500\" \/>\n\t<meta property=\"og:image:type\" content=\"image\/jpeg\" \/>\n<meta name=\"twitter:card\" content=\"summary_large_image\" \/>\n<meta name=\"twitter:label1\" content=\"Gesch\u00e4tzte Lesezeit\" \/>\n\t<meta name=\"twitter:data1\" content=\"1\u00a0Minute\" \/>\n<script type=\"application\/ld+json\" class=\"yoast-schema-graph\">{\"@context\":\"https:\\\/\\\/schema.org\",\"@graph\":[{\"@type\":\"WebPage\",\"@id\":\"https:\\\/\\\/marktxxl.de\\\/markt\\\/produkt\\\/tasse-mit-spruch-geschenk-lebenslange-farbgarantie-mir-nicht-auf-den-sack-gehen-2021-kaffeetasse-buero\\\/\",\"url\":\"https:\\\/\\\/marktxxl.de\\\/markt\\\/produkt\\\/tasse-mit-spruch-geschenk-lebenslange-farbgarantie-mir-nicht-auf-den-sack-gehen-2021-kaffeetasse-buero\\\/\",\"name\":\"6er Bundle Tasse mit Spruch - Geschenk - [Lebenslange Farbgarantie] - Mir nicht auf den Sack gehen 2021 - Kaffeetasse\u2026 - Markt-XXL\",\"isPartOf\":{\"@id\":\"https:\\\/\\\/marktxxl.de\\\/markt\\\/#website\"},\"primaryImageOfPage\":{\"@id\":\"https:\\\/\\\/marktxxl.de\\\/markt\\\/produkt\\\/tasse-mit-spruch-geschenk-lebenslange-farbgarantie-mir-nicht-auf-den-sack-gehen-2021-kaffeetasse-buero\\\/#primaryimage\"},\"image\":{\"@id\":\"https:\\\/\\\/marktxxl.de\\\/markt\\\/produkt\\\/tasse-mit-spruch-geschenk-lebenslange-farbgarantie-mir-nicht-auf-den-sack-gehen-2021-kaffeetasse-buero\\\/#primaryimage\"},\"thumbnailUrl\":\"https:\\\/\\\/m.media-amazon.com\\\/images\\\/I\\\/41QR1HGoeFL._SL500_.jpg\",\"datePublished\":\"2022-01-27T18:48:21+00:00\",\"dateModified\":\"2023-04-11T01:27:16+00:00\",\"description\":\"Markt-XXL 6er Bundle Tasse mit Spruch - Geschenk - [Lebenslange Farbgarantie] - Mir nicht auf den Sack gehen 2021 - Kaffeetasse\u2026\",\"breadcrumb\":{\"@id\":\"https:\\\/\\\/marktxxl.de\\\/markt\\\/produkt\\\/tasse-mit-spruch-geschenk-lebenslange-farbgarantie-mir-nicht-auf-den-sack-gehen-2021-kaffeetasse-buero\\\/#breadcrumb\"},\"inLanguage\":\"de\",\"potentialAction\":[{\"@type\":\"ReadAction\",\"target\":[\"https:\\\/\\\/marktxxl.de\\\/markt\\\/produkt\\\/tasse-mit-spruch-geschenk-lebenslange-farbgarantie-mir-nicht-auf-den-sack-gehen-2021-kaffeetasse-buero\\\/\"]}]},{\"@type\":\"ImageObject\",\"inLanguage\":\"de\",\"@id\":\"https:\\\/\\\/marktxxl.de\\\/markt\\\/produkt\\\/tasse-mit-spruch-geschenk-lebenslange-farbgarantie-mir-nicht-auf-den-sack-gehen-2021-kaffeetasse-buero\\\/#primaryimage\",\"url\":\"https:\\\/\\\/m.media-amazon.com\\\/images\\\/I\\\/41QR1HGoeFL._SL500_.jpg\",\"contentUrl\":\"https:\\\/\\\/m.media-amazon.com\\\/images\\\/I\\\/41QR1HGoeFL._SL500_.jpg\",\"width\":500,\"height\":500},{\"@type\":\"BreadcrumbList\",\"@id\":\"https:\\\/\\\/marktxxl.de\\\/markt\\\/produkt\\\/tasse-mit-spruch-geschenk-lebenslange-farbgarantie-mir-nicht-auf-den-sack-gehen-2021-kaffeetasse-buero\\\/#breadcrumb\",\"itemListElement\":[{\"@type\":\"ListItem\",\"position\":1,\"name\":\"Startseite\",\"item\":\"https:\\\/\\\/marktxxl.de\\\/markt\\\/\"},{\"@type\":\"ListItem\",\"position\":2,\"name\":\"Markt\",\"item\":\"https:\\\/\\\/marktxxl.de\\\/markt\\\/\"},{\"@type\":\"ListItem\",\"position\":3,\"name\":\"6er Bundle Tasse mit Spruch &#8211; Geschenk &#8211; [Lebenslange Farbgarantie] &#8211; Mir nicht auf den Sack gehen 2021 &#8211; Kaffeetasse\u2026\"}]},{\"@type\":\"WebSite\",\"@id\":\"https:\\\/\\\/marktxxl.de\\\/markt\\\/#website\",\"url\":\"https:\\\/\\\/marktxxl.de\\\/markt\\\/\",\"name\":\"Markt-XXL\",\"description\":\"Ihr Markt Online\",\"publisher\":{\"@id\":\"https:\\\/\\\/marktxxl.de\\\/markt\\\/#organization\"},\"potentialAction\":[{\"@type\":\"SearchAction\",\"target\":{\"@type\":\"EntryPoint\",\"urlTemplate\":\"https:\\\/\\\/marktxxl.de\\\/markt\\\/?s={search_term_string}\"},\"query-input\":{\"@type\":\"PropertyValueSpecification\",\"valueRequired\":true,\"valueName\":\"search_term_string\"}}],\"inLanguage\":\"de\"},{\"@type\":\"Organization\",\"@id\":\"https:\\\/\\\/marktxxl.de\\\/markt\\\/#organization\",\"name\":\"Markt-XXL\",\"url\":\"https:\\\/\\\/marktxxl.de\\\/markt\\\/\",\"logo\":{\"@type\":\"ImageObject\",\"inLanguage\":\"de\",\"@id\":\"https:\\\/\\\/marktxxl.de\\\/markt\\\/#\\\/schema\\\/logo\\\/image\\\/\",\"url\":\"https:\\\/\\\/marktxxl.de\\\/markt\\\/wp-content\\\/uploads\\\/sites\\\/3\\\/2020\\\/12\\\/logo.png\",\"contentUrl\":\"https:\\\/\\\/marktxxl.de\\\/markt\\\/wp-content\\\/uploads\\\/sites\\\/3\\\/2020\\\/12\\\/logo.png\",\"width\":200,\"height\":70,\"caption\":\"Markt-XXL\"},\"image\":{\"@id\":\"https:\\\/\\\/marktxxl.de\\\/markt\\\/#\\\/schema\\\/logo\\\/image\\\/\"}}]}<\/script>\n<!-- \/ Yoast SEO plugin. -->","yoast_head_json":{"title":"6er Bundle Tasse mit Spruch - Geschenk - [Lebenslange Farbgarantie] - Mir nicht auf den Sack gehen 2021 - Kaffeetasse\u2026 - Markt-XXL","description":"Markt-XXL 6er Bundle Tasse mit Spruch - Geschenk - [Lebenslange Farbgarantie] - Mir nicht auf den Sack gehen 2021 - Kaffeetasse\u2026","robots":{"index":"index","follow":"follow","max-snippet":"max-snippet:-1","max-image-preview":"max-image-preview:large","max-video-preview":"max-video-preview:-1"},"canonical":"https:\/\/marktxxl.de\/markt\/produkt\/tasse-mit-spruch-geschenk-lebenslange-farbgarantie-mir-nicht-auf-den-sack-gehen-2021-kaffeetasse-buero\/","og_locale":"de_DE","og_type":"article","og_title":"6er Bundle Tasse mit Spruch - Geschenk - [Lebenslange Farbgarantie] - Mir nicht auf den Sack gehen 2021 - Kaffeetasse\u2026 - Markt-XXL","og_description":"Markt-XXL 6er Bundle Tasse mit Spruch - Geschenk - [Lebenslange Farbgarantie] - Mir nicht auf den Sack gehen 2021 - Kaffeetasse\u2026","og_url":"https:\/\/marktxxl.de\/markt\/produkt\/tasse-mit-spruch-geschenk-lebenslange-farbgarantie-mir-nicht-auf-den-sack-gehen-2021-kaffeetasse-buero\/","og_site_name":"Markt-XXL","article_modified_time":"2023-04-11T01:27:16+00:00","og_image":[{"width":500,"height":500,"url":"https:\/\/m.media-amazon.com\/images\/I\/41QR1HGoeFL._SL500_.jpg","type":"image\/jpeg"}],"twitter_card":"summary_large_image","twitter_misc":{"Gesch\u00e4tzte Lesezeit":"1\u00a0Minute"},"schema":{"@context":"https:\/\/schema.org","@graph":[{"@type":"WebPage","@id":"https:\/\/marktxxl.de\/markt\/produkt\/tasse-mit-spruch-geschenk-lebenslange-farbgarantie-mir-nicht-auf-den-sack-gehen-2021-kaffeetasse-buero\/","url":"https:\/\/marktxxl.de\/markt\/produkt\/tasse-mit-spruch-geschenk-lebenslange-farbgarantie-mir-nicht-auf-den-sack-gehen-2021-kaffeetasse-buero\/","name":"6er Bundle Tasse mit Spruch - Geschenk - [Lebenslange Farbgarantie] - Mir nicht auf den Sack gehen 2021 - Kaffeetasse\u2026 - Markt-XXL","isPartOf":{"@id":"https:\/\/marktxxl.de\/markt\/#website"},"primaryImageOfPage":{"@id":"https:\/\/marktxxl.de\/markt\/produkt\/tasse-mit-spruch-geschenk-lebenslange-farbgarantie-mir-nicht-auf-den-sack-gehen-2021-kaffeetasse-buero\/#primaryimage"},"image":{"@id":"https:\/\/marktxxl.de\/markt\/produkt\/tasse-mit-spruch-geschenk-lebenslange-farbgarantie-mir-nicht-auf-den-sack-gehen-2021-kaffeetasse-buero\/#primaryimage"},"thumbnailUrl":"https:\/\/m.media-amazon.com\/images\/I\/41QR1HGoeFL._SL500_.jpg","datePublished":"2022-01-27T18:48:21+00:00","dateModified":"2023-04-11T01:27:16+00:00","description":"Markt-XXL 6er Bundle Tasse mit Spruch - Geschenk - [Lebenslange Farbgarantie] - Mir nicht auf den Sack gehen 2021 - Kaffeetasse\u2026","breadcrumb":{"@id":"https:\/\/marktxxl.de\/markt\/produkt\/tasse-mit-spruch-geschenk-lebenslange-farbgarantie-mir-nicht-auf-den-sack-gehen-2021-kaffeetasse-buero\/#breadcrumb"},"inLanguage":"de","potentialAction":[{"@type":"ReadAction","target":["https:\/\/marktxxl.de\/markt\/produkt\/tasse-mit-spruch-geschenk-lebenslange-farbgarantie-mir-nicht-auf-den-sack-gehen-2021-kaffeetasse-buero\/"]}]},{"@type":"ImageObject","inLanguage":"de","@id":"https:\/\/marktxxl.de\/markt\/produkt\/tasse-mit-spruch-geschenk-lebenslange-farbgarantie-mir-nicht-auf-den-sack-gehen-2021-kaffeetasse-buero\/#primaryimage","url":"https:\/\/m.media-amazon.com\/images\/I\/41QR1HGoeFL._SL500_.jpg","contentUrl":"https:\/\/m.media-amazon.com\/images\/I\/41QR1HGoeFL._SL500_.jpg","width":500,"height":500},{"@type":"BreadcrumbList","@id":"https:\/\/marktxxl.de\/markt\/produkt\/tasse-mit-spruch-geschenk-lebenslange-farbgarantie-mir-nicht-auf-den-sack-gehen-2021-kaffeetasse-buero\/#breadcrumb","itemListElement":[{"@type":"ListItem","position":1,"name":"Startseite","item":"https:\/\/marktxxl.de\/markt\/"},{"@type":"ListItem","position":2,"name":"Markt","item":"https:\/\/marktxxl.de\/markt\/"},{"@type":"ListItem","position":3,"name":"6er Bundle Tasse mit Spruch &#8211; Geschenk &#8211; [Lebenslange Farbgarantie] &#8211; Mir nicht auf den Sack gehen 2021 &#8211; Kaffeetasse\u2026"}]},{"@type":"WebSite","@id":"https:\/\/marktxxl.de\/markt\/#website","url":"https:\/\/marktxxl.de\/markt\/","name":"Markt-XXL","description":"Ihr Markt Online","publisher":{"@id":"https:\/\/marktxxl.de\/markt\/#organization"},"potentialAction":[{"@type":"SearchAction","target":{"@type":"EntryPoint","urlTemplate":"https:\/\/marktxxl.de\/markt\/?s={search_term_string}"},"query-input":{"@type":"PropertyValueSpecification","valueRequired":true,"valueName":"search_term_string"}}],"inLanguage":"de"},{"@type":"Organization","@id":"https:\/\/marktxxl.de\/markt\/#organization","name":"Markt-XXL","url":"https:\/\/marktxxl.de\/markt\/","logo":{"@type":"ImageObject","inLanguage":"de","@id":"https:\/\/marktxxl.de\/markt\/#\/schema\/logo\/image\/","url":"https:\/\/marktxxl.de\/markt\/wp-content\/uploads\/sites\/3\/2020\/12\/logo.png","contentUrl":"https:\/\/marktxxl.de\/markt\/wp-content\/uploads\/sites\/3\/2020\/12\/logo.png","width":200,"height":70,"caption":"Markt-XXL"},"image":{"@id":"https:\/\/marktxxl.de\/markt\/#\/schema\/logo\/image\/"}}]}},"_links":{"self":[{"href":"https:\/\/marktxxl.de\/markt\/wp-json\/wp\/v2\/product\/103332","targetHints":{"allow":["GET"]}}],"collection":[{"href":"https:\/\/marktxxl.de\/markt\/wp-json\/wp\/v2\/product"}],"about":[{"href":"https:\/\/marktxxl.de\/markt\/wp-json\/wp\/v2\/types\/product"}],"replies":[{"embeddable":true,"href":"https:\/\/marktxxl.de\/markt\/wp-json\/wp\/v2\/comments?post=103332"}],"wp:featuredmedia":[{"embeddable":true,"href":"https:\/\/marktxxl.de\/markt\/wp-json\/wp\/v2\/media\/103333"}],"wp:attachment":[{"href":"https:\/\/marktxxl.de\/markt\/wp-json\/wp\/v2\/media?parent=103332"}],"wp:term":[{"taxonomy":"product_brand","embeddable":true,"href":"https:\/\/marktxxl.de\/markt\/wp-json\/wp\/v2\/product_brand?post=103332"},{"taxonomy":"product_cat","embeddable":true,"href":"https:\/\/marktxxl.de\/markt\/wp-json\/wp\/v2\/product_cat?post=103332"},{"taxonomy":"product_tag","embeddable":true,"href":"https:\/\/marktxxl.de\/markt\/wp-json\/wp\/v2\/product_tag?post=103332"}],"curies":[{"name":"wp","href":"https:\/\/api.w.org\/{rel}","templated":true}]}}